{"id":534,"date":"2021-11-30T14:36:08","date_gmt":"2021-11-30T14:36:08","guid":{"rendered":"https:\/\/audifonosdeasa.com\/?page_id=534"},"modified":"2021-12-07T01:01:47","modified_gmt":"2021-12-07T01:01:47","slug":"norma-araceli-perez-martinez","status":"publish","type":"page","link":"https:\/\/audifonosdeasa.com\/index.php\/norma-araceli-perez-martinez\/","title":{"rendered":"Norma Araceli P\u00e9rez Mart\u00ednez"},"content":{"rendered":"\t\t<div data-elementor-type=\"wp-page\" data-elementor-id=\"534\" class=\"elementor elementor-534\" data-elementor-settings=\"[]\">\n\t\t\t\t\t\t<div class=\"elementor-inner\">\n\t\t\t\t\t\t\t<div class=\"elementor-section-wrap\">\n\t\t\t\t\t\t\t<section class=\"elementor-section elementor-top-section elementor-element elementor-element-2de66d4 elementor-section-height-full elementor-section-items-top elementor-section-full_width elementor-section-stretched elementor-section-height-default\" data-id=\"2de66d4\" data-element_type=\"section\" data-settings=\"{&quot;background_background&quot;:&quot;classic&quot;,&quot;stretch_section&quot;:&quot;section-stretched&quot;}\">\n\t\t\t\t\t\t\t<div class=\"elementor-background-overlay\"><\/div>\n\t\t\t\t\t\t\t<div class=\"elementor-container elementor-column-gap-default\">\n\t\t\t\t\t\t\t<div class=\"elementor-row\">\n\t\t\t\t\t<div class=\"elementor-column elementor-col-100 elementor-top-column elementor-element elementor-element-48b6aaae\" data-id=\"48b6aaae\" data-element_type=\"column\">\n\t\t\t<div class=\"elementor-column-wrap elementor-element-populated\">\n\t\t\t\t\t\t\t<div class=\"elementor-widget-wrap\">\n\t\t\t\t\t\t<div class=\"elementor-element elementor-element-06be8d2 elementor-widget elementor-widget-spacer\" data-id=\"06be8d2\" data-element_type=\"widget\" data-widget_type=\"spacer.default\">\n\t\t\t\t<div class=\"elementor-widget-container\">\n\t\t\t\t\t<div class=\"elementor-spacer\">\n\t\t\t<div class=\"elementor-spacer-inner\"><\/div>\n\t\t<\/div>\n\t\t\t\t<\/div>\n\t\t\t\t<\/div>\n\t\t\t\t<div class=\"elementor-element elementor-element-2b372349 elementor-widget elementor-widget-heading\" data-id=\"2b372349\" data-element_type=\"widget\" data-widget_type=\"heading.default\">\n\t\t\t\t<div class=\"elementor-widget-container\">\n\t\t\t<h2 class=\"elementor-heading-title elementor-size-default\">NORMA<\/h2>\t\t<\/div>\n\t\t\t\t<\/div>\n\t\t\t\t<div class=\"elementor-element elementor-element-2d72ca58 elementor-headline--style-rotate elementor-widget elementor-widget-animated-headline\" data-id=\"2d72ca58\" data-element_type=\"widget\" data-settings=\"{&quot;headline_style&quot;:&quot;rotate&quot;,&quot;rotating_text&quot;:&quot; Araceli P\\u00e9rez Mart\\u00ednez &quot;,&quot;animation_type&quot;:&quot;typing&quot;}\" data-widget_type=\"animated-headline.default\">\n\t\t\t\t<div class=\"elementor-widget-container\">\n\t\t\t\t\t<h3 class=\"elementor-headline elementor-headline-animation-type-typing elementor-headline-letters\">\n\t\t\t\t\t\t<span class=\"elementor-headline-dynamic-wrapper elementor-headline-text-wrapper\"><\/span>\n\t\t\t\t\t<\/h3>\n\t\t\t\t<\/div>\n\t\t\t\t<\/div>\n\t\t\t\t<div class=\"elementor-element elementor-element-33140a1c elementor-widget elementor-widget-heading\" data-id=\"33140a1c\" data-element_type=\"widget\" data-widget_type=\"heading.default\">\n\t\t\t\t<div class=\"elementor-widget-container\">\n\t\t\t<h3 class=\"elementor-heading-title elementor-size-default\">Anestesi\u00f3loga con Alta Especialidad en Cirug\u00eda Cardiovascular <br>\n\nEspecialidad en Anestesia Regional.<\/h3>\t\t<\/div>\n\t\t\t\t<\/div>\n\t\t\t\t<div class=\"elementor-element elementor-element-3713ae5 elementor-widget elementor-widget-spacer\" data-id=\"3713ae5\" data-element_type=\"widget\" data-widget_type=\"spacer.default\">\n\t\t\t\t<div class=\"elementor-widget-container\">\n\t\t\t\t\t<div class=\"elementor-spacer\">\n\t\t\t<div class=\"elementor-spacer-inner\"><\/div>\n\t\t<\/div>\n\t\t\t\t<\/div>\n\t\t\t\t<\/div>\n\t\t\t\t\t\t<\/div>\n\t\t\t\t\t<\/div>\n\t\t<\/div>\n\t\t\t\t\t\t\t\t<\/div>\n\t\t\t\t\t<\/div>\n\t\t<\/section>\n\t\t\t\t<section class=\"elementor-section elementor-top-section elementor-element elementor-element-c0048f8 elementor-section-boxed elementor-section-height-default elementor-section-height-default\" data-id=\"c0048f8\" data-element_type=\"section\" data-settings=\"{&quot;background_background&quot;:&quot;classic&quot;}\">\n\t\t\t\t\t\t<div class=\"elementor-container elementor-column-gap-wide\">\n\t\t\t\t\t\t\t<div class=\"elementor-row\">\n\t\t\t\t\t<div class=\"elementor-column elementor-col-100 elementor-top-column elementor-element elementor-element-12e6b8d\" data-id=\"12e6b8d\" data-element_type=\"column\">\n\t\t\t<div class=\"elementor-column-wrap elementor-element-populated\">\n\t\t\t\t\t\t\t<div class=\"elementor-widget-wrap\">\n\t\t\t\t\t\t<div class=\"elementor-element elementor-element-a69972a elementor-widget elementor-widget-spacer\" data-id=\"a69972a\" data-element_type=\"widget\" data-widget_type=\"spacer.default\">\n\t\t\t\t<div class=\"elementor-widget-container\">\n\t\t\t\t\t<div class=\"elementor-spacer\">\n\t\t\t<div class=\"elementor-spacer-inner\"><\/div>\n\t\t<\/div>\n\t\t\t\t<\/div>\n\t\t\t\t<\/div>\n\t\t\t\t<div class=\"elementor-element elementor-element-2d952bf elementor-widget elementor-widget-heading\" data-id=\"2d952bf\" data-element_type=\"widget\" data-widget_type=\"heading.default\">\n\t\t\t\t<div class=\"elementor-widget-container\">\n\t\t\t<h3 class=\"elementor-heading-title elementor-size-default\">Preparaci\u00f3n acad\u00e9mica<\/h3>\t\t<\/div>\n\t\t\t\t<\/div>\n\t\t\t\t<section class=\"elementor-section elementor-inner-section elementor-element elementor-element-73430f9 elementor-section-boxed elementor-section-height-default elementor-section-height-default\" data-id=\"73430f9\" data-element_type=\"section\">\n\t\t\t\t\t\t<div class=\"elementor-container elementor-column-gap-default\">\n\t\t\t\t\t\t\t<div class=\"elementor-row\">\n\t\t\t\t\t<div class=\"elementor-column elementor-col-100 elementor-inner-column elementor-element elementor-element-a9f5b29\" data-id=\"a9f5b29\" data-element_type=\"column\">\n\t\t\t<div class=\"elementor-column-wrap elementor-element-populated\">\n\t\t\t\t\t\t\t<div class=\"elementor-widget-wrap\">\n\t\t\t\t\t\t<div class=\"elementor-element elementor-element-e97ace6 elementor-drop-cap-yes elementor-drop-cap-view-default elementor-widget elementor-widget-text-editor\" data-id=\"e97ace6\" data-element_type=\"widget\" data-settings=\"{&quot;drop_cap&quot;:&quot;yes&quot;}\" data-widget_type=\"text-editor.default\">\n\t\t\t\t<div class=\"elementor-widget-container\">\n\t\t\t\t\t<div class=\"elementor-text-editor elementor-clearfix\"><p><span style=\"color: #000000;\">Medicina en Escuela M\u00e9dico Militar, con Titulo y c\u00e9dula profesional de M\u00e9dico Cirujano Militar 19<\/span><span style=\"color: #000000; font-weight: var( --e-global-typography-text-font-weight );\">93-1999.<\/span><\/p>\n<p><span style=\"color: #000000;\">1er lugar en la Carrera de M\u00e9dico Cirujano Militar.<\/span><br><span style=\"color: #000000;\">Especialidad en Medicina Integral y de Urgencias en&nbsp;Hospital Central Militar 1999-2001.<\/span><\/p>\n<p><span style=\"color: #000000;\">Especialidad en Anestesiolog\u00eda en Hospital Central Militar&nbsp;<\/span><span style=\"color: #000000;\">2004-2007.&nbsp;<\/span><\/p>\n<p><span style=\"color: #000000;\">1er lugar en la Especialidad de Anestesiolog\u00eda.<\/span><br><span style=\"color: #000000;\">Alta Especialidad en Anestesia Cardiovascular en el&nbsp;Instituto Nacional de Cardiolog\u00eda 2007-2008.<\/span><\/p>\n<p><span style=\"color: #000000;\">Maestr\u00eda en Administraci\u00f3n de Negocios en la Universidad Latinoamericana&nbsp;<\/span><span style=\"color: #000000; font-weight: var( --e-global-typography-text-font-weight );\">2015-2017<\/span><span style=\"color: #000000; font-weight: var( --e-global-typography-text-font-weight );\">.<\/span><\/p><p><span style=\"color: rgb(0, 0, 0);\">Certificaci\u00f3n vigente por el Consejo Nacional de Certificaci\u00f3n de Anestesiolog\u00eda. 2017-2022<\/span><span style=\"color: #000000; font-weight: var( --e-global-typography-text-font-weight );\"><br><\/span><\/p>\n<p><span style=\"color: #000000;\">Diplomado como Profesora en Ciencias de la Salud en Colegio Mexicano de Ortopedia &#8211; UNAM 2020.<\/span><\/p><\/div>\n\t\t\t\t<\/div>\n\t\t\t\t<\/div>\n\t\t\t\t\t\t<\/div>\n\t\t\t\t\t<\/div>\n\t\t<\/div>\n\t\t\t\t\t\t\t\t<\/div>\n\t\t\t\t\t<\/div>\n\t\t<\/section>\n\t\t\t\t\t\t<\/div>\n\t\t\t\t\t<\/div>\n\t\t<\/div>\n\t\t\t\t\t\t\t\t<\/div>\n\t\t\t\t\t<\/div>\n\t\t<\/section>\n\t\t\t\t\t\t<\/div>\n\t\t\t\t\t\t<\/div>\n\t\t\t\t\t<\/div>\n\t\t","protected":false},"excerpt":{"rendered":"<p>NORMA Anestesi\u00f3loga con Alta Especialidad en Cirug\u00eda Cardiovascular Especialidad en Anestesia Regional. Preparaci\u00f3n acad\u00e9mica Medicina en Escuela M\u00e9dico Militar, con Titulo y c\u00e9dula profesional de M\u00e9dico Cirujano Militar 1993-1999. 1er lugar en la Carrera de M\u00e9dico Cirujano Militar.Especialidad en Medicina Integral y de Urgencias en&nbsp;Hospital Central Militar 1999-2001. Especialidad en Anestesiolog\u00eda en Hospital Central Militar&nbsp;2004-2007.&nbsp;&hellip; <a class=\"more-link\" href=\"https:\/\/audifonosdeasa.com\/index.php\/norma-araceli-perez-martinez\/\">Seguir leyendo <span class=\"screen-reader-text\">Norma Araceli P\u00e9rez Mart\u00ednez<\/span><\/a><\/p>\n","protected":false},"author":1,"featured_media":0,"parent":0,"menu_order":0,"comment_status":"closed","ping_status":"closed","template":"elementor_header_footer","meta":{"om_disable_all_campaigns":false,"_monsterinsights_skip_tracking":false,"_monsterinsights_sitenote_active":false,"_monsterinsights_sitenote_note":"","_monsterinsights_sitenote_category":0,"footnotes":""},"class_list":["post-534","page","type-page","status-publish","hentry","entry"],"aioseo_notices":[],"yoast_head":"<!-- This site is optimized with the Yoast SEO plugin v23.8 - https:\/\/yoast.com\/wordpress\/plugins\/seo\/ -->\n<title>Norma Araceli P\u00e9rez Mart\u00ednez - Audifonos Deasa Widex<\/title>\n<meta name=\"robots\" content=\"index, follow, max-snippet:-1, max-image-preview:large, max-video-preview:-1\" \/>\n<link rel=\"canonical\" href=\"https:\/\/audifonosdeasa.com\/index.php\/norma-araceli-perez-martinez\/\" \/>\n<meta property=\"og:locale\" content=\"es_ES\" \/>\n<meta property=\"og:type\" content=\"article\" \/>\n<meta property=\"og:title\" content=\"Norma Araceli P\u00e9rez Mart\u00ednez - Audifonos Deasa Widex\" \/>\n<meta property=\"og:description\" content=\"NORMA Anestesi\u00f3loga con Alta Especialidad en Cirug\u00eda Cardiovascular Especialidad en Anestesia Regional. Preparaci\u00f3n acad\u00e9mica Medicina en Escuela M\u00e9dico Militar, con Titulo y c\u00e9dula profesional de M\u00e9dico Cirujano Militar 1993-1999. 1er lugar en la Carrera de M\u00e9dico Cirujano Militar.Especialidad en Medicina Integral y de Urgencias en&nbsp;Hospital Central Militar 1999-2001. Especialidad en Anestesiolog\u00eda en Hospital Central Militar&nbsp;2004-2007.&nbsp;&hellip; Seguir leyendo Norma Araceli P\u00e9rez Mart\u00ednez\" \/>\n<meta property=\"og:url\" content=\"https:\/\/audifonosdeasa.com\/index.php\/norma-araceli-perez-martinez\/\" \/>\n<meta property=\"og:site_name\" content=\"Audifonos Deasa Widex\" \/>\n<meta property=\"article:modified_time\" content=\"2021-12-07T01:01:47+00:00\" \/>\n<meta name=\"twitter:card\" content=\"summary_large_image\" \/>\n<meta name=\"twitter:label1\" content=\"Tiempo de lectura\" \/>\n\t<meta name=\"twitter:data1\" content=\"1 minuto\" \/>\n<script type=\"application\/ld+json\" class=\"yoast-schema-graph\">{\"@context\":\"https:\/\/schema.org\",\"@graph\":[{\"@type\":\"WebPage\",\"@id\":\"https:\/\/audifonosdeasa.com\/index.php\/norma-araceli-perez-martinez\/\",\"url\":\"https:\/\/audifonosdeasa.com\/index.php\/norma-araceli-perez-martinez\/\",\"name\":\"Norma Araceli P\u00e9rez Mart\u00ednez - Audifonos Deasa Widex\",\"isPartOf\":{\"@id\":\"https:\/\/audifonosdeasa.com\/#website\"},\"datePublished\":\"2021-11-30T14:36:08+00:00\",\"dateModified\":\"2021-12-07T01:01:47+00:00\",\"breadcrumb\":{\"@id\":\"https:\/\/audifonosdeasa.com\/index.php\/norma-araceli-perez-martinez\/#breadcrumb\"},\"inLanguage\":\"es\",\"potentialAction\":[{\"@type\":\"ReadAction\",\"target\":[\"https:\/\/audifonosdeasa.com\/index.php\/norma-araceli-perez-martinez\/\"]}]},{\"@type\":\"BreadcrumbList\",\"@id\":\"https:\/\/audifonosdeasa.com\/index.php\/norma-araceli-perez-martinez\/#breadcrumb\",\"itemListElement\":[{\"@type\":\"ListItem\",\"position\":1,\"name\":\"Portada\",\"item\":\"https:\/\/audifonosdeasa.com\/\"},{\"@type\":\"ListItem\",\"position\":2,\"name\":\"Norma Araceli P\u00e9rez Mart\u00ednez\"}]},{\"@type\":\"WebSite\",\"@id\":\"https:\/\/audifonosdeasa.com\/#website\",\"url\":\"https:\/\/audifonosdeasa.com\/\",\"name\":\"Audifonos Deasa Widex\",\"description\":\"Grupo Deasa Widex\",\"publisher\":{\"@id\":\"https:\/\/audifonosdeasa.com\/#organization\"},\"potentialAction\":[{\"@type\":\"SearchAction\",\"target\":{\"@type\":\"EntryPoint\",\"urlTemplate\":\"https:\/\/audifonosdeasa.com\/?s={search_term_string}\"},\"query-input\":{\"@type\":\"PropertyValueSpecification\",\"valueRequired\":true,\"valueName\":\"search_term_string\"}}],\"inLanguage\":\"es\"},{\"@type\":\"Organization\",\"@id\":\"https:\/\/audifonosdeasa.com\/#organization\",\"name\":\"Audifonos Deasa Widex\",\"url\":\"https:\/\/audifonosdeasa.com\/\",\"logo\":{\"@type\":\"ImageObject\",\"inLanguage\":\"es\",\"@id\":\"https:\/\/audifonosdeasa.com\/#\/schema\/logo\/image\/\",\"url\":\"https:\/\/audifonosdeasa.com\/wp-content\/uploads\/2021\/11\/Nuevo-logo-deasa.png\",\"contentUrl\":\"https:\/\/audifonosdeasa.com\/wp-content\/uploads\/2021\/11\/Nuevo-logo-deasa.png\",\"width\":2048,\"height\":1468,\"caption\":\"Audifonos Deasa Widex\"},\"image\":{\"@id\":\"https:\/\/audifonosdeasa.com\/#\/schema\/logo\/image\/\"}}]}<\/script>\n<!-- \/ Yoast SEO plugin. -->","yoast_head_json":{"title":"Norma Araceli P\u00e9rez Mart\u00ednez - Audifonos Deasa Widex","robots":{"index":"index","follow":"follow","max-snippet":"max-snippet:-1","max-image-preview":"max-image-preview:large","max-video-preview":"max-video-preview:-1"},"canonical":"https:\/\/audifonosdeasa.com\/index.php\/norma-araceli-perez-martinez\/","og_locale":"es_ES","og_type":"article","og_title":"Norma Araceli P\u00e9rez Mart\u00ednez - Audifonos Deasa Widex","og_description":"NORMA Anestesi\u00f3loga con Alta Especialidad en Cirug\u00eda Cardiovascular Especialidad en Anestesia Regional. Preparaci\u00f3n acad\u00e9mica Medicina en Escuela M\u00e9dico Militar, con Titulo y c\u00e9dula profesional de M\u00e9dico Cirujano Militar 1993-1999. 1er lugar en la Carrera de M\u00e9dico Cirujano Militar.Especialidad en Medicina Integral y de Urgencias en&nbsp;Hospital Central Militar 1999-2001. Especialidad en Anestesiolog\u00eda en Hospital Central Militar&nbsp;2004-2007.&nbsp;&hellip; Seguir leyendo Norma Araceli P\u00e9rez Mart\u00ednez","og_url":"https:\/\/audifonosdeasa.com\/index.php\/norma-araceli-perez-martinez\/","og_site_name":"Audifonos Deasa Widex","article_modified_time":"2021-12-07T01:01:47+00:00","twitter_card":"summary_large_image","twitter_misc":{"Tiempo de lectura":"1 minuto"},"schema":{"@context":"https:\/\/schema.org","@graph":[{"@type":"WebPage","@id":"https:\/\/audifonosdeasa.com\/index.php\/norma-araceli-perez-martinez\/","url":"https:\/\/audifonosdeasa.com\/index.php\/norma-araceli-perez-martinez\/","name":"Norma Araceli P\u00e9rez Mart\u00ednez - Audifonos Deasa Widex","isPartOf":{"@id":"https:\/\/audifonosdeasa.com\/#website"},"datePublished":"2021-11-30T14:36:08+00:00","dateModified":"2021-12-07T01:01:47+00:00","breadcrumb":{"@id":"https:\/\/audifonosdeasa.com\/index.php\/norma-araceli-perez-martinez\/#breadcrumb"},"inLanguage":"es","potentialAction":[{"@type":"ReadAction","target":["https:\/\/audifonosdeasa.com\/index.php\/norma-araceli-perez-martinez\/"]}]},{"@type":"BreadcrumbList","@id":"https:\/\/audifonosdeasa.com\/index.php\/norma-araceli-perez-martinez\/#breadcrumb","itemListElement":[{"@type":"ListItem","position":1,"name":"Portada","item":"https:\/\/audifonosdeasa.com\/"},{"@type":"ListItem","position":2,"name":"Norma Araceli P\u00e9rez Mart\u00ednez"}]},{"@type":"WebSite","@id":"https:\/\/audifonosdeasa.com\/#website","url":"https:\/\/audifonosdeasa.com\/","name":"Audifonos Deasa Widex","description":"Grupo Deasa Widex","publisher":{"@id":"https:\/\/audifonosdeasa.com\/#organization"},"potentialAction":[{"@type":"SearchAction","target":{"@type":"EntryPoint","urlTemplate":"https:\/\/audifonosdeasa.com\/?s={search_term_string}"},"query-input":{"@type":"PropertyValueSpecification","valueRequired":true,"valueName":"search_term_string"}}],"inLanguage":"es"},{"@type":"Organization","@id":"https:\/\/audifonosdeasa.com\/#organization","name":"Audifonos Deasa Widex","url":"https:\/\/audifonosdeasa.com\/","logo":{"@type":"ImageObject","inLanguage":"es","@id":"https:\/\/audifonosdeasa.com\/#\/schema\/logo\/image\/","url":"https:\/\/audifonosdeasa.com\/wp-content\/uploads\/2021\/11\/Nuevo-logo-deasa.png","contentUrl":"https:\/\/audifonosdeasa.com\/wp-content\/uploads\/2021\/11\/Nuevo-logo-deasa.png","width":2048,"height":1468,"caption":"Audifonos Deasa Widex"},"image":{"@id":"https:\/\/audifonosdeasa.com\/#\/schema\/logo\/image\/"}}]}},"_links":{"self":[{"href":"https:\/\/audifonosdeasa.com\/index.php\/wp-json\/wp\/v2\/pages\/534"}],"collection":[{"href":"https:\/\/audifonosdeasa.com\/index.php\/wp-json\/wp\/v2\/pages"}],"about":[{"href":"https:\/\/audifonosdeasa.com\/index.php\/wp-json\/wp\/v2\/types\/page"}],"author":[{"embeddable":true,"href":"https:\/\/audifonosdeasa.com\/index.php\/wp-json\/wp\/v2\/users\/1"}],"replies":[{"embeddable":true,"href":"https:\/\/audifonosdeasa.com\/index.php\/wp-json\/wp\/v2\/comments?post=534"}],"version-history":[{"count":34,"href":"https:\/\/audifonosdeasa.com\/index.php\/wp-json\/wp\/v2\/pages\/534\/revisions"}],"predecessor-version":[{"id":582,"href":"https:\/\/audifonosdeasa.com\/index.php\/wp-json\/wp\/v2\/pages\/534\/revisions\/582"}],"wp:attachment":[{"href":"https:\/\/audifonosdeasa.com\/index.php\/wp-json\/wp\/v2\/media?parent=534"}],"curies":[{"name":"wp","href":"https:\/\/api.w.org\/{rel}","templated":true}]}}